
{"id":50232,"date":"2026-03-01T17:05:30","date_gmt":"2026-03-01T17:05:30","guid":{"rendered":"https:\/\/cymru.global\/beth-yw-dinasyddiaeth-fyd-eang\/"},"modified":"2026-03-01T17:08:58","modified_gmt":"2026-03-01T17:08:58","slug":"beth-yw-dinasyddiaeth-fyd-eang","status":"publish","type":"page","link":"https:\/\/cymru.global\/cy\/ein-gwaith\/dysgu-byd-eang\/ar-gyfer-addysg-ieuenctid-ac-oedolion-adnoddau-cyfranogiad-ieuenctid\/beth-yw-dinasyddiaeth-fyd-eang\/","title":{"rendered":"Beth yw Dinasyddiaeth Fyd-eang?"},"content":{"rendered":"<div class=\"container-fluid section section-top-carousel alignfull lightgreen\">\r\n\t<div class=\"container \">\r\n\t\t<div class=\"slider\">\r\n\t\t\r\n\t\t\t        \t\t\t        <div class=\"slide\">\r\n\t\t\t        \t\r\n\t\t\t\t        <div class=\"row\">\r\n\t\t\t\t        \t\r\n\t\t\t\t        \t<div class=\"col-lg-6 col-md-12\">\r\n\t\t\t\t        \t\t<h2>Beth yw Dinasyddiaeth Fyd-eang?<\/h2>\n<p>&nbsp;<\/p>\n<p>Un cwestiwn sy&#8217;n codi drwy&#8217;r amser yn ein gwaith yw <strong>\u201cBeth yw Dinasyddiaeth Fyd-eang?\u201d<\/strong> . Mae&#8217;n gwestiwn sy&#8217;n ein harwain at lwyth o sgyrsiau diddorol iawn ac rydym wedi neilltuo&#8217;r dudalen hon i agor lle i gael mwy ohonynt. <\/p>\n<p>Cymerwch olwg ar y blogiau, lluniau a thrafodaethau am Ddinasyddiaeth Fyd-eang ar y dudalen hon gan gynnwys ein podlediad diweddar gyda Hub Cymru Africa ar \u201cBeth yw Dinasyddiaeth Fyd-eang?\u201d<\/p>\n\t\t\t\t        \t<\/div>\r\n\r\n\r\n\t\t\t\t        \t<div class=\"col-lg-6 col-md-12\">\r\n\t\t\t\t        \t\t\t\t\t\t\t\t\t\t    <img decoding=\"async\" src=\"https:\/\/cymru.global\/wp-content\/uploads\/2025\/12\/welsh-global@2x.png\" alt=\"\" \/>\r\n\t\t\t\t\t\t\t\t\t\t\t\t        \t<\/div>\r\n\r\n\t\t\t\t        <\/div>\r\n\r\n  \t\t\t\t\t<\/div>\r\n\r\n  \t\t\t\t\t\r\n\t\t\t        <\/div>\r\n\t<\/div>\t\r\n<\/div>\r\n\r\n<div class=\"container-fluid section section-breadcrumbs\">\r\n    <div class=\"container\">\r\n        <span><span><a href=\"https:\/\/cymru.global\/cy\/cymru-global\/\">Cartref<\/a><\/span><\/span>    <\/div>\r\n<\/div>\r\n<div class=\"container-fluid section section-block-content lightpink no\">\r\n\t\r\n\t<div class=\"container\">\r\n\t\t<div class=\"row\"><div class=\"col-md-12\"><div class=\"block white\"><h2>Blog a phodlediad Dinasyddiaeth Fyd-eang<\/h2>\n<p>&nbsp;<\/p>\n<p>\u201cMae dinasyddiaeth fyd-eang yn gymhleth oherwydd bod y byd yn newid yn gyson ac mae pobl yn newid yn gyson. Felly, er mwyn deall yn iawn y byd rydyn ni&#8217;n byw ynddo, mae&#8217;n rhaid i ni fod yn edrych yn gyson ac mae&#8217;n rhaid i ni fod yn gwrando ac yn meddwl am sut mae&#8217;n berthnasol i ni.\u201d<\/p>\n<p><img loading=\"lazy\" decoding=\"async\" class=\"alignnone size-medium wp-image-50134\" src=\"https:\/\/cymru.global\/wp-content\/uploads\/2026\/02\/podcast-pic-300x225.jpg\" alt=\"\" width=\"300\" height=\"225\" srcset=\"https:\/\/cymru.global\/wp-content\/uploads\/2026\/02\/podcast-pic-300x225.jpg 300w, https:\/\/cymru.global\/wp-content\/uploads\/2026\/02\/podcast-pic-768x576.jpg 768w, https:\/\/cymru.global\/wp-content\/uploads\/2026\/02\/podcast-pic-1536x1152.jpg 1536w, https:\/\/cymru.global\/wp-content\/uploads\/2026\/02\/podcast-pic.jpg 1920w\" sizes=\"auto, (max-width: 300px) 100vw, 300px\"><\/p>\n<p>Eisteddodd Amber Demetrius, ein Pennaeth Dysgu Byd-eang, i lawr gyda th\u00eem podlediad Hub Cymru Africa i ateb y cwestiwn a ofynnir i ni&#8217;n aml. Ysgrifennodd flog hefyd. <\/p>\n<p>Gwyliwch i glywed y fewnwelediad diddorol hwn a darllenwch flog Amber!<\/p>\n<p><a class=\"btn btn-secondary\" href=\"https:\/\/hubcymruafrica.wales\/news\/what-is-global-citizenship\/\">Blog a phodlediad: Beth yw Dinasyddiaeth Fyd-eang<\/a><\/p>\n<p>Gwrandewch ar y podlediad hefyd ar<\/p>\n<p><a class=\"btn btn-secondary\" href=\"https:\/\/youtu.be\/gF-OzUh5EmA\" target=\"_blank\" rel=\"noopener\">YouTube<\/a> <a class=\"btn btn-secondary\" href=\"https:\/\/hubcymruafrica.podbean.com\/e\/what-is-global-citizenship\/\" target=\"_blank\" rel=\"noopener\">PodBean<\/a> <a class=\"btn btn-secondary\" href=\"https:\/\/open.spotify.com\/episode\/1ev8eIRDoG5vESvFSA2WUV\" target=\"_blank\" rel=\"noopener\">Spotify<\/a><\/p>\n<\/div><\/div><\/div><div class=\"row\"><div class=\"col-md-12\"><div class=\"block white\"><h2>Archwilio Rhyw a Thegwch<\/h2>\n<p>&nbsp;<\/p>\n<p>\u201cMae\u2019r problemau parhaus y mae\u2019r byd hwn yn eu hwynebu gyda gwahaniaethu nid yn unig yn erbyn menywod, ond yn erbyn pob math o hunaniaethau, <em>mor strwythurol<\/em> a <em>mor fyw<\/em> , maen nhw\u2019n aml yn teimlo\u2019n <em>anodd eu gweld.<\/em> Dydyn ni ddim yn gweld sut mae ein breintiau\u2019n effeithio arnom ni, dydyn ni ddim yn gweld sut mae ein hagweddau\u2019n dod \u00e2 chanlyniadau ac os <em>na allwn ni ei weld<\/em> , sut allwn ni <em>wneud rhywbeth yn ei gylch?\u201d<\/em><\/p>\n<p>Archwiliodd ein Pennaeth Dysgu Byd-eang, Amber Demetrius, rywedd a thegwch yn ei blog.<\/p>\n<p>&nbsp;<\/p>\n<p><a class=\"btn btn-secondary\" href=\"https:\/\/cymru.global\/blog-exploring-gender-and-fairness\/\">Cliciwch i ddarllen blog Amber<\/a><\/p>\n<\/div><\/div><\/div><div class=\"row\"><div class=\"col-md-12\"><div class=\"block white\"><h2>Archwilio Dinasyddiaeth Fyd-eang<\/h2>\n<p>&nbsp;<\/p>\n<p><span style=\"font-size: clamp(18px, 1vw, 20px);\">Mae gennym nifer o adnoddau sy&#8217;n archwilio Dinasyddiaeth Fyd-eang ar draws gwahanol feysydd. Isod fe welwch ddolenni i wybodaeth am Ddinasyddiaeth Fyd-eang a rhywedd, gan gynnwys cwis, a Dinasyddiaeth Fyd-eang a straen. <\/span><\/p>\n<p><span style=\"font-size: clamp(18px, 1vw, 20px);\">Mae Dinasyddiaeth Fyd-eang yn ymddangos mewn sawl lle drwy gydol ein bywydau. Mwynhewch ddarganfod mwy! <\/span><\/p>\n<p><a class=\"btn btn-secondary\" href=\"https:\/\/cymru.global\/wp-content\/uploads\/2026\/02\/Gender-and-GC.pptx\">Rhyw a Dinasyddiaeth Fyd-eang<\/a><\/p>\n<p><a class=\"btn btn-secondary\" href=\"https:\/\/cymru.global\/wp-content\/uploads\/2026\/02\/Quiz-Questions-Gender.docx\">Cwestiynau Cwis ar Ryw<\/a><\/p>\n<p><a class=\"btn btn-secondary\" href=\"https:\/\/cymru.global\/wp-content\/uploads\/2026\/02\/Stress-and-GC.pptx\">Straen a Dinasyddiaeth Fyd-eang<\/a><\/p>\n<\/div><\/div><\/div>\t<\/div>\r\n\r\n<\/div>\r\n    <div class=\"container archive pt-4\">\r\n    <div id=\"post-rows\"><div class=\"row post-row\">\r\n                <article class=\"col-lg-4 col-md-12 post\">\r\n                    <span class=\"thumb\" style=\"background-image: url('');\">\r\n                        <a href=\"https:\/\/cymru.global\/cy\/categori\/blog\/\" class=\"catlink catlink1392\">Blog<\/a>                    <\/span>\r\n\r\n                    <h2>Cadw pobl ifanc yn ddiogel ar-lein? Awstralia yn Cyflwyno&#8217;r Gwaharddiad Cyntaf yn y Byd ar Gyfryngau Cymdeithasol i Bobl Dan 16 Oed<\/h2>\r\n\r\n                    <ul>\r\n                                                                    <\/ul>\r\n\r\n                    <p>Yn oes ddigidol heddiw, mae mwy o bobl nag erioed yn ymuno \u00e2 chyfryngau cymdeithasol, yn dod i gysylltiad \u00e2 llu o newyddion a gwybodaeth, ac yn cysylltu \u00e2 phobl a syniadau ledled y byd. Fodd bynnag, nid yw hyn yn gyfyngedig i oedolion, gan fod y rhai sy&#8217;n &#8216;ymuno&#8217; [&#8230;]<\/p>\n\r\n                    <a href=\"https:\/\/cymru.global\/cy\/blog\/cadw-pobl-ifanc-yn-ddiogel-ar-lein-awstralia-yn-cyflwynor-gwaharddiad-cyntaf-yn-y-byd-ar-gyfryngau-cymdeithasol-i-bobl-dan-16-oed\/\" class=\"btn btn-primary read-more\">Darllen mwy<\/a>\r\n                <\/article>\r\n\r\n            \r\n                <article class=\"col-lg-4 col-md-12 post\">\r\n                    <span class=\"thumb\" style=\"background-image: url('https:\/\/cymru.global\/wp-content\/uploads\/2025\/12\/global-search-pink@2x.png');\">\r\n                        <a href=\"https:\/\/cymru.global\/cy\/categori\/dysgu-byd-eang\/\" class=\"catlink catlink1393\">Dysgu Byd-eang<\/a>                    <\/span>\r\n\r\n                    <h2>Archwilio Rhyw a Thegwch<\/h2>\r\n\r\n                    <ul>\r\n                                                                    <\/ul>\r\n\r\n                    <p>Mae anghydraddoldebau, er eu bod yn amrywio o ran difrifoldeb a daearyddiaeth, yn symptomau o&#8217;r un clefyd . Mae dirywiad hawliau menywod yn digwydd ym mhobman , ond dim ond pan edrychwn ar y darlun byd-eang y mae&#8217;r duedd yn dod yn amlwg iawn. Mae&#8217;r problemau parhaus y mae&#8217;r byd [&#8230;]<\/p>\n\r\n                    <a href=\"https:\/\/cymru.global\/cy\/dysgu-byd-eang\/archwilio-rhyw-a-thegwch\/\" class=\"btn btn-primary read-more\">Darllen mwy<\/a>\r\n                <\/article>\r\n\r\n            \r\n                <article class=\"col-lg-4 col-md-12 post\">\r\n                    <span class=\"thumb\" style=\"background-image: url('https:\/\/cymru.global\/wp-content\/uploads\/2018\/10\/wcia_logo.png');\">\r\n                        <a href=\"https:\/\/cymru.global\/cy\/categori\/international-exchange-cy\/\" class=\"catlink catlink1252\">International Exchange<\/a>                    <\/span>\r\n\r\n                    <h2>Gwobrau Rhagoriaeth Gwaith Ieuenctid 2023<\/h2>\r\n\r\n                    <ul>\r\n                                                                    <\/ul>\r\n\r\n                    <p>Gwahoddwyd t\u00eem Gweithredu Byd-eang WCIA i Wobrau Rhagoriaeth Gwaith Ieuenctid 2023 , a gynhaliwyd yn Venue Cymru yn Llandudno. Mae&#8217;r gwobrau&#8217;n gyfle i gydnabod a dathlu prosiectau gwaith ieuenctid rhagorol, gweithwyr ieuenctid a&#8217;r rhai sy&#8217;n ymwneud \u00e2 Gwaith Ieuenctid ledled Cymru. Mae Gwaith Ieuenctid yn darparu ac yn hwyluso amgylchedd [&#8230;]<\/p>\n\r\n                    <a href=\"https:\/\/cymru.global\/cy\/wcia-news-cy\/wobrau-rhagoriaeth-gwaith-ieuenctid-2023\/\" class=\"btn btn-primary read-more\">Darllen mwy<\/a>\r\n                <\/article>\r\n\r\n            <\/div><div class=\"row post-row\">\r\n                <article class=\"col-lg-4 col-md-12 post\">\r\n                    <span class=\"thumb\" style=\"background-image: url('https:\/\/cymru.global\/wp-content\/uploads\/2024\/01\/50981711788_ba037419ee_c.jpg');\">\r\n                        <a href=\"https:\/\/cymru.global\/cy\/categori\/addysg-cy\/\" class=\"catlink catlink615\">Addysg<\/a>                    <\/span>\r\n\r\n                    <h2>Hyfforddi pobl ifanc i fod yn Heddychwyr<\/h2>\r\n\r\n                    <ul>\r\n                                                                    <\/ul>\r\n\r\n                    <p>Mae UNESCO newydd ddiweddaru eu hargymhelliad o 1974 ar Addysg dros Heddwch, Hawliau Dynol a Datblygu Cynaliadwy , gan osod addysg fel prif ysgogydd ar gyfer heddwch a dealltwriaeth ryngwladol. Cynhaliwyd enghraifft dda o adeiladu byd mwy heddychlon a chynaliadwy o&#8217;r gwaelod i fyny yn Nheml Heddwch ac Iechyd yng [&#8230;]<\/p>\n\r\n                    <a href=\"https:\/\/cymru.global\/cy\/addysg-cy\/hyfforddi-pobl-ifanc-i-fod-yn-heddychwyr\/\" class=\"btn btn-primary read-more\">Darllen mwy<\/a>\r\n                <\/article>\r\n\r\n            <\/div><\/div>            <button id=\"loadMore\" class=\"btn btn-bw\" style=\"display: block; margin: 20px auto\">Llwythwch fwy<\/button>\r\n\r\n                <\/div>\r\n\r\n\r\n\r\n<script>\r\ndocument.addEventListener(\"DOMContentLoaded\", function() {\r\n    const rows = document.querySelectorAll(\".post-row\");\r\n    const btn = document.getElementById(\"loadMore\");\r\n\r\n    \/\/ Hide all rows except the first\r\n    rows.forEach((row, index) => {\r\n        if (index > 0) row.style.display = \"none\";\r\n    });\r\n\r\n    let current = 1;\r\n\r\n    btn.addEventListener(\"click\", function() {\r\n        if (current < rows.length) {\r\n            rows[current].style.display = \"flex\";\r\n            current++;\r\n        }\r\n        if (current >= rows.length) {\r\n            btn.style.display = \"none\";\r\n        }\r\n    });\r\n});\r\n<\/script>\r\n","protected":false},"excerpt":{"rendered":"<p> [&#8230;]<\/p>\n","protected":false},"author":704,"featured_media":0,"parent":50240,"menu_order":0,"comment_status":"closed","ping_status":"closed","template":"","meta":{"_acf_changed":false,"iawp_total_views":0,"footnotes":""},"class_list":["post-50232","page","type-page","status-publish","hentry"],"acf":[],"yoast_head":"<!-- This site is optimized with the Yoast SEO plugin v27.5 - https:\/\/yoast.com\/product\/yoast-seo-wordpress\/ -->\n<title>Beth yw Dinasyddiaeth Fyd-eang? - Cymru Global<\/title>\n<meta name=\"description\" content=\"Beth yw Dinasyddiaeth Fyd-eang?\" \/>\n<meta name=\"robots\" content=\"index, follow, max-snippet:-1, max-image-preview:large, max-video-preview:-1\" \/>\n<meta property=\"og:locale\" content=\"cy_GB\" \/>\n<meta property=\"og:type\" content=\"article\" \/>\n<meta property=\"og:title\" content=\"Beth yw Dinasyddiaeth Fyd-eang? - Cymru Global\" \/>\n<meta property=\"og:description\" content=\"Beth yw Dinasyddiaeth Fyd-eang?\" \/>\n<meta property=\"og:url\" content=\"https:\/\/cymru.global\/cy\/ein-gwaith\/dysgu-byd-eang\/ar-gyfer-addysg-ieuenctid-ac-oedolion-adnoddau-cyfranogiad-ieuenctid\/beth-yw-dinasyddiaeth-fyd-eang\/\" \/>\n<meta property=\"og:site_name\" content=\"Cymru Global\" \/>\n<meta property=\"article:publisher\" content=\"https:\/\/www.facebook.com\/welshcentreforinternationalaffairs\/\" \/>\n<meta property=\"article:modified_time\" content=\"2026-03-01T17:08:58+00:00\" \/>\n<meta name=\"twitter:card\" content=\"summary_large_image\" \/>\n<meta name=\"twitter:site\" content=\"@WCIA_Wales\" \/>\n<script type=\"application\/ld+json\" class=\"yoast-schema-graph\">{\"@context\":\"https:\\\/\\\/schema.org\",\"@graph\":[{\"@type\":\"WebPage\",\"@id\":\"https:\\\/\\\/cymru.global\\\/cy\\\/ein-gwaith\\\/dysgu-byd-eang\\\/ar-gyfer-addysg-ieuenctid-ac-oedolion-adnoddau-cyfranogiad-ieuenctid\\\/beth-yw-dinasyddiaeth-fyd-eang\\\/\",\"url\":\"https:\\\/\\\/cymru.global\\\/cy\\\/ein-gwaith\\\/dysgu-byd-eang\\\/ar-gyfer-addysg-ieuenctid-ac-oedolion-adnoddau-cyfranogiad-ieuenctid\\\/beth-yw-dinasyddiaeth-fyd-eang\\\/\",\"name\":\"Beth yw Dinasyddiaeth Fyd-eang? - Cymru Global\",\"isPartOf\":{\"@id\":\"https:\\\/\\\/cymru.global\\\/cy\\\/#website\"},\"datePublished\":\"2026-03-01T17:05:30+00:00\",\"dateModified\":\"2026-03-01T17:08:58+00:00\",\"description\":\"Beth yw Dinasyddiaeth Fyd-eang?\",\"breadcrumb\":{\"@id\":\"https:\\\/\\\/cymru.global\\\/cy\\\/ein-gwaith\\\/dysgu-byd-eang\\\/ar-gyfer-addysg-ieuenctid-ac-oedolion-adnoddau-cyfranogiad-ieuenctid\\\/beth-yw-dinasyddiaeth-fyd-eang\\\/#breadcrumb\"},\"inLanguage\":\"cy-GB\",\"potentialAction\":[{\"@type\":\"ReadAction\",\"target\":[\"https:\\\/\\\/cymru.global\\\/cy\\\/ein-gwaith\\\/dysgu-byd-eang\\\/ar-gyfer-addysg-ieuenctid-ac-oedolion-adnoddau-cyfranogiad-ieuenctid\\\/beth-yw-dinasyddiaeth-fyd-eang\\\/\"]}]},{\"@type\":\"BreadcrumbList\",\"@id\":\"https:\\\/\\\/cymru.global\\\/cy\\\/ein-gwaith\\\/dysgu-byd-eang\\\/ar-gyfer-addysg-ieuenctid-ac-oedolion-adnoddau-cyfranogiad-ieuenctid\\\/beth-yw-dinasyddiaeth-fyd-eang\\\/#breadcrumb\",\"itemListElement\":[{\"@type\":\"ListItem\",\"position\":1,\"name\":\"Cartref\",\"item\":\"https:\\\/\\\/cymru.global\\\/cy\\\/cymru-global\\\/\"},{\"@type\":\"ListItem\",\"position\":2,\"name\":\"Ein Gwaith\",\"item\":\"https:\\\/\\\/cymru.global\\\/cy\\\/ein-gwaith\\\/\"},{\"@type\":\"ListItem\",\"position\":3,\"name\":\"Dysgu Byd-eang\",\"item\":\"https:\\\/\\\/cymru.global\\\/cy\\\/ein-gwaith\\\/dysgu-byd-eang\\\/\"},{\"@type\":\"ListItem\",\"position\":4,\"name\":\"Ar gyfer Addysg Ieuenctid ac Oedolion: Adnoddau Cyfranogiad Ieuenctid\",\"item\":\"https:\\\/\\\/cymru.global\\\/cy\\\/ein-gwaith\\\/dysgu-byd-eang\\\/ar-gyfer-addysg-ieuenctid-ac-oedolion-adnoddau-cyfranogiad-ieuenctid\\\/\"},{\"@type\":\"ListItem\",\"position\":5,\"name\":\"Beth yw Dinasyddiaeth Fyd-eang?\"}]},{\"@type\":\"WebSite\",\"@id\":\"https:\\\/\\\/cymru.global\\\/cy\\\/#website\",\"url\":\"https:\\\/\\\/cymru.global\\\/cy\\\/\",\"name\":\"Cymru Global\",\"description\":\"\",\"publisher\":{\"@id\":\"https:\\\/\\\/cymru.global\\\/cy\\\/#organization\"},\"potentialAction\":[{\"@type\":\"SearchAction\",\"target\":{\"@type\":\"EntryPoint\",\"urlTemplate\":\"https:\\\/\\\/cymru.global\\\/cy\\\/?s={search_term_string}\"},\"query-input\":{\"@type\":\"PropertyValueSpecification\",\"valueRequired\":true,\"valueName\":\"search_term_string\"}}],\"inLanguage\":\"cy-GB\"},{\"@type\":\"Organization\",\"@id\":\"https:\\\/\\\/cymru.global\\\/cy\\\/#organization\",\"name\":\"Cymru Global\",\"url\":\"https:\\\/\\\/cymru.global\\\/cy\\\/\",\"logo\":{\"@type\":\"ImageObject\",\"inLanguage\":\"cy-GB\",\"@id\":\"https:\\\/\\\/cymru.global\\\/cy\\\/#\\\/schema\\\/logo\\\/image\\\/\",\"url\":\"https:\\\/\\\/cymru.global\\\/wp-content\\\/uploads\\\/2026\\\/02\\\/loog-white.svg\",\"contentUrl\":\"https:\\\/\\\/cymru.global\\\/wp-content\\\/uploads\\\/2026\\\/02\\\/loog-white.svg\",\"width\":179,\"height\":59,\"caption\":\"Cymru Global\"},\"image\":{\"@id\":\"https:\\\/\\\/cymru.global\\\/cy\\\/#\\\/schema\\\/logo\\\/image\\\/\"},\"sameAs\":[\"https:\\\/\\\/www.facebook.com\\\/welshcentreforinternationalaffairs\\\/\",\"https:\\\/\\\/x.com\\\/WCIA_Wales\",\"https:\\\/\\\/www.instagram.com\\\/wcia_wales\\\/?hl=en-gb\",\"https:\\\/\\\/www.youtube.com\\\/channel\\\/UC0G2l7QV_yPDU4RHB8hEEPg\"]}]}<\/script>\n<!-- \/ Yoast SEO plugin. -->","yoast_head_json":{"title":"Beth yw Dinasyddiaeth Fyd-eang? - Cymru Global","description":"Beth yw Dinasyddiaeth Fyd-eang?","robots":{"index":"index","follow":"follow","max-snippet":"max-snippet:-1","max-image-preview":"max-image-preview:large","max-video-preview":"max-video-preview:-1"},"og_locale":"cy_GB","og_type":"article","og_title":"Beth yw Dinasyddiaeth Fyd-eang? - Cymru Global","og_description":"Beth yw Dinasyddiaeth Fyd-eang?","og_url":"https:\/\/cymru.global\/cy\/ein-gwaith\/dysgu-byd-eang\/ar-gyfer-addysg-ieuenctid-ac-oedolion-adnoddau-cyfranogiad-ieuenctid\/beth-yw-dinasyddiaeth-fyd-eang\/","og_site_name":"Cymru Global","article_publisher":"https:\/\/www.facebook.com\/welshcentreforinternationalaffairs\/","article_modified_time":"2026-03-01T17:08:58+00:00","twitter_card":"summary_large_image","twitter_site":"@WCIA_Wales","schema":{"@context":"https:\/\/schema.org","@graph":[{"@type":"WebPage","@id":"https:\/\/cymru.global\/cy\/ein-gwaith\/dysgu-byd-eang\/ar-gyfer-addysg-ieuenctid-ac-oedolion-adnoddau-cyfranogiad-ieuenctid\/beth-yw-dinasyddiaeth-fyd-eang\/","url":"https:\/\/cymru.global\/cy\/ein-gwaith\/dysgu-byd-eang\/ar-gyfer-addysg-ieuenctid-ac-oedolion-adnoddau-cyfranogiad-ieuenctid\/beth-yw-dinasyddiaeth-fyd-eang\/","name":"Beth yw Dinasyddiaeth Fyd-eang? - Cymru Global","isPartOf":{"@id":"https:\/\/cymru.global\/cy\/#website"},"datePublished":"2026-03-01T17:05:30+00:00","dateModified":"2026-03-01T17:08:58+00:00","description":"Beth yw Dinasyddiaeth Fyd-eang?","breadcrumb":{"@id":"https:\/\/cymru.global\/cy\/ein-gwaith\/dysgu-byd-eang\/ar-gyfer-addysg-ieuenctid-ac-oedolion-adnoddau-cyfranogiad-ieuenctid\/beth-yw-dinasyddiaeth-fyd-eang\/#breadcrumb"},"inLanguage":"cy-GB","potentialAction":[{"@type":"ReadAction","target":["https:\/\/cymru.global\/cy\/ein-gwaith\/dysgu-byd-eang\/ar-gyfer-addysg-ieuenctid-ac-oedolion-adnoddau-cyfranogiad-ieuenctid\/beth-yw-dinasyddiaeth-fyd-eang\/"]}]},{"@type":"BreadcrumbList","@id":"https:\/\/cymru.global\/cy\/ein-gwaith\/dysgu-byd-eang\/ar-gyfer-addysg-ieuenctid-ac-oedolion-adnoddau-cyfranogiad-ieuenctid\/beth-yw-dinasyddiaeth-fyd-eang\/#breadcrumb","itemListElement":[{"@type":"ListItem","position":1,"name":"Cartref","item":"https:\/\/cymru.global\/cy\/cymru-global\/"},{"@type":"ListItem","position":2,"name":"Ein Gwaith","item":"https:\/\/cymru.global\/cy\/ein-gwaith\/"},{"@type":"ListItem","position":3,"name":"Dysgu Byd-eang","item":"https:\/\/cymru.global\/cy\/ein-gwaith\/dysgu-byd-eang\/"},{"@type":"ListItem","position":4,"name":"Ar gyfer Addysg Ieuenctid ac Oedolion: Adnoddau Cyfranogiad Ieuenctid","item":"https:\/\/cymru.global\/cy\/ein-gwaith\/dysgu-byd-eang\/ar-gyfer-addysg-ieuenctid-ac-oedolion-adnoddau-cyfranogiad-ieuenctid\/"},{"@type":"ListItem","position":5,"name":"Beth yw Dinasyddiaeth Fyd-eang?"}]},{"@type":"WebSite","@id":"https:\/\/cymru.global\/cy\/#website","url":"https:\/\/cymru.global\/cy\/","name":"Cymru Global","description":"","publisher":{"@id":"https:\/\/cymru.global\/cy\/#organization"},"potentialAction":[{"@type":"SearchAction","target":{"@type":"EntryPoint","urlTemplate":"https:\/\/cymru.global\/cy\/?s={search_term_string}"},"query-input":{"@type":"PropertyValueSpecification","valueRequired":true,"valueName":"search_term_string"}}],"inLanguage":"cy-GB"},{"@type":"Organization","@id":"https:\/\/cymru.global\/cy\/#organization","name":"Cymru Global","url":"https:\/\/cymru.global\/cy\/","logo":{"@type":"ImageObject","inLanguage":"cy-GB","@id":"https:\/\/cymru.global\/cy\/#\/schema\/logo\/image\/","url":"https:\/\/cymru.global\/wp-content\/uploads\/2026\/02\/loog-white.svg","contentUrl":"https:\/\/cymru.global\/wp-content\/uploads\/2026\/02\/loog-white.svg","width":179,"height":59,"caption":"Cymru Global"},"image":{"@id":"https:\/\/cymru.global\/cy\/#\/schema\/logo\/image\/"},"sameAs":["https:\/\/www.facebook.com\/welshcentreforinternationalaffairs\/","https:\/\/x.com\/WCIA_Wales","https:\/\/www.instagram.com\/wcia_wales\/?hl=en-gb","https:\/\/www.youtube.com\/channel\/UC0G2l7QV_yPDU4RHB8hEEPg"]}]}},"_links":{"self":[{"href":"https:\/\/cymru.global\/cy\/wp-json\/wp\/v2\/pages\/50232","targetHints":{"allow":["GET"]}}],"collection":[{"href":"https:\/\/cymru.global\/cy\/wp-json\/wp\/v2\/pages"}],"about":[{"href":"https:\/\/cymru.global\/cy\/wp-json\/wp\/v2\/types\/page"}],"author":[{"embeddable":true,"href":"https:\/\/cymru.global\/cy\/wp-json\/wp\/v2\/users\/704"}],"replies":[{"embeddable":true,"href":"https:\/\/cymru.global\/cy\/wp-json\/wp\/v2\/comments?post=50232"}],"version-history":[{"count":1,"href":"https:\/\/cymru.global\/cy\/wp-json\/wp\/v2\/pages\/50232\/revisions"}],"predecessor-version":[{"id":50237,"href":"https:\/\/cymru.global\/cy\/wp-json\/wp\/v2\/pages\/50232\/revisions\/50237"}],"up":[{"embeddable":true,"href":"https:\/\/cymru.global\/cy\/wp-json\/wp\/v2\/pages\/50240"}],"wp:attachment":[{"href":"https:\/\/cymru.global\/cy\/wp-json\/wp\/v2\/media?parent=50232"}],"curies":[{"name":"wp","href":"https:\/\/api.w.org\/{rel}","templated":true}]}}